{"id":3325,"date":"2025-06-26T17:30:32","date_gmt":"2025-06-26T15:30:32","guid":{"rendered":"https:\/\/skawinanaukajazdy.pl\/?page_id=3325"},"modified":"2025-10-07T12:50:04","modified_gmt":"2025-10-07T10:50:04","slug":"standardy-ochrony-maloletnich","status":"publish","type":"page","link":"https:\/\/skawinanaukajazdy.pl\/pl\/standardy-ochrony-maloletnich\/","title":{"rendered":"STANDARDY OCHRONY MA\u0141OLETNICH"},"content":{"rendered":"\n<p><strong><br><\/strong><\/p>\n\n\n\n<h4 class=\"wp-block-heading has-text-align-center\"><strong>Standardy ochrony ma\u0142oletnich w<\/strong><\/h4>\n\n\n\n<h4 class=\"wp-block-heading has-text-align-center\"><strong>O\u015aRODEK SZKOLENIA KIEROWC\u00d3W \u201eALA I AS&#8221;<\/strong> <strong>ZBIGNIEW KNAPIK<\/strong><\/h4>\n\n\n\n<h4 class=\"wp-block-heading has-text-align-center\"><strong>Preambu\u0142a<\/strong><\/h4>\n\n\n\n<p><br>W celu realizacji obowi\u0105zku ustanowionego na mocy ustawy o przeciwdzia\u0142aniu zagro\u017ceniom przest\u0119pczo\u015bci\u0105 na tle seksualnym i ochronie ma\u0142oletnich (Dz. U. z 2024 r. poz. 560 ze&nbsp;zm.)<\/p>\n\n\n\n<p><strong>O\u015aRODEK SZKOLENIA KIEROWC\u00d3W \u201eALA I AS\u201d ZBIGNIEW KNAPIK<\/strong><\/p>\n\n\n\n<p>wprowadza standardy ochrony ma\u0142oletnich.<\/p>\n\n\n\n<p>Pracownicy O\u015brodka Szkolenia Kierowc\u00f3w podejmuj\u0105c wszelkie dzia\u0142ania kieruj\u0105 si\u0119 przede wszystkim dobrem ma\u0142oletniego i jego najlepszym interesem.&nbsp;Osoby ma\u0142oletnie s\u0105 przez pracownik\u00f3w O\u015brodka Szkolenia Kierowc\u00f3w traktowane z&nbsp;szacunkiem i z uwzgl\u0119dnieniem ich potrzeb. Stosowanie wobec ma\u0142oletniego przemocy w jakiejkolwiek formie jest zakazane. Pracownicy wykonuj\u0105c swe obowi\u0105zki s\u0105 zobligowane do dzia\u0142ania zgodnie z obowi\u0105zuj\u0105cymi powszechnie przepisami prawa oraz niniejszymi Standardami.<\/p>\n\n\n\n<h3 class=\"wp-block-heading has-text-align-center\"><strong>Rozdzia\u0142 I<\/strong><\/h3>\n\n\n\n<h3 class=\"wp-block-heading has-text-align-center\"><strong>S\u0142owniczek poj\u0119\u0107<\/strong><\/h3>\n\n\n\n<h3 class=\"wp-block-heading has-text-align-center\"><strong>\u00a7 1.&nbsp;<\/strong><\/h3>\n\n\n\n<ol class=\"wp-block-list\">\n<li><strong>O\u015brodek Szkolenia Kierowc\u00f3w <\/strong>\u2013 \n<ul class=\"wp-block-list\">\n<li><strong>O\u015aRODEK SZKOLENIA KIEROWC\u00d3W \u201eALA I AS\u201d ZBIGNIEW KNAPIK<\/strong> <sup><sub><em>(*pe\u0142na nazwa podmiotu)<\/em>.<\/sub><\/sup><\/li>\n<\/ul>\n<\/li>\n\n\n\n<li><strong>Pracodawca<\/strong> \u2013 w\u0142a\u015bciciel lub inna osoba zarz\u0105dzaj\u0105ca O\u015brodkiem Szkolenia Kierowc\u00f3w, b\u0105d\u017a odpowiadaj\u0105ca za organizacj\u0119 pracy w imieniu w\u0142a\u015bciciela, kt\u00f3ra jest prze\u0142o\u017conym pracownik\u00f3w w O\u015brodku Szkolenia Kierowc\u00f3w, w kt\u00f3rym ma\u0142oletni podejmuj\u0105 nauk\u0119 w&nbsp;celu uzyskania prawa jazdy.<\/li>\n\n\n\n<li><strong>Pracownik <\/strong>\u2013 ka\u017cda osoba zatrudniona u pracodawcy lub u podmiotu wsp\u00f3\u0142pracuj\u0105cego z pracodawc\u0105 na podstawie stosunku pracy albo umowy cywilnoprawnej, a tak\u017ce osoba, kt\u00f3ra wykonuje na&nbsp;rzecz pracodawcy jak\u0105kolwiek dzia\u0142alno\u015b\u0107 (np. pe\u0142noletni wsp\u00f3\u0142pracownik, sta\u017cysta, praktykant, czy wolontariusz).<\/li>\n\n\n\n<li><strong>Praca <\/strong>\u2013 ka\u017cda czynno\u015b\u0107 podejmowana w O\u015brodku Szkolenia Kierowc\u00f3w na podstawie stosunku pracy albo umowy cywilnoprawnej (odp\u0142atnej albo nieodp\u0142atnej), a tak\u017ce w ramach wsp\u00f3\u0142pracy, sta\u017cu, praktyki, wolontariatu, czy pomocy.<\/li>\n\n\n\n<li><strong>Ma\u0142oletni <\/strong>\u2013 ka\u017cda osoba, kt\u00f3ra nie uko\u0144czy\u0142a osiemnastu lat i zamierza podj\u0105\u0107 lub podj\u0119\u0142a nauk\u0119 w O\u015brodku Szkolenia Kierowc\u00f3w w celu uzyskania prawa jazdy.<\/li>\n\n\n\n<li><strong>Opiekun prawny\/opiekunowie prawni<\/strong> \u2013 przedstawiciel ustawowy ma\u0142oletniego (rodzic, rodzic zast\u0119pczy, opiekun, opiekun tymczasowy).<\/li>\n\n\n\n<li><strong>Zgoda opiekuna<\/strong> \u2013 w&nbsp;przypadku zwyk\u0142ych, bie\u017c\u0105cych spraw \u017cycia ma\u0142oletniego oraz zgoda obojga rodzic\u00f3w w istotnych sprawach ma\u0142oletniego. Nale\u017cy odpowiednio stosowa\u0107 w stosunku do zgody rodzica zast\u0119pczego, opiekuna lub opiekuna tymczasowego.<\/li>\n\n\n\n<li><strong>Cz\u0142onek rodziny <\/strong>&#8211; osoba spokrewniona albo niespokrewniona, pozostaj\u0105ca z&nbsp;ma\u0142oletnim w faktycznym zwi\u0105zku oraz wsp\u00f3lnie zamieszkuj\u0105c\u0105 i gospodaruj\u0105c\u0105.<\/li>\n\n\n\n<li><strong>Instruktor nauki jazdy <\/strong>\u2013 pracodawca lub pracownik, posiadaj\u0105cy odpowiednie kwalifikacje zawodowe i prowadzi teoretyczn\u0105 lub praktyczn\u0105 cz\u0119\u015b\u0107 kursu nauki jazdy.<\/li>\n\n\n\n<li><strong>Krzywdzenie ma\u0142oletniego<\/strong> &#8211; ka\u017cde zachowanie w stosunku do ma\u0142oletniego, stanowi\u0105ce czyn zabroniony, a tak\u017ce zaniedbanie, dzia\u0142anie lub zaniechanie oraz ich rezultat, kt\u00f3re skutkuj\u0105 lub mog\u0105 skutkowa\u0107 naruszeniem praw, d\u00f3br osobistych swobody lub zak\u0142\u00f3ceniem rozwoju ma\u0142oletniego.<\/li>\n\n\n\n<li><strong>Przemoc domowa <\/strong>&nbsp;&#8211; jednorazowe albo powtarzaj\u0105ce si\u0119 umy\u015blne dzia\u0142anie lub&nbsp;zaniechanie, wykorzystuj\u0105ce przewag\u0119 fizyczn\u0105, psychiczn\u0105 lub ekonomiczn\u0105, naruszaj\u0105ce prawa lub dobra osobiste osoby doznaj\u0105cej przemocy domowej, w&nbsp;szczeg\u00f3lno\u015bci:\n<ul class=\"wp-block-list\">\n<li>nara\u017caj\u0105ce t\u0119 osob\u0119 na niebezpiecze\u0144stwo utraty \u017cycia, zdrowia lub mienia,<\/li>\n\n\n\n<li>naruszaj\u0105ce jej godno\u015b\u0107, nietykalno\u015b\u0107 cielesn\u0105 lub wolno\u015b\u0107, w tym seksualn\u0105,<\/li>\n\n\n\n<li>powoduj\u0105ce szkody na jej zdrowiu fizycznym lub psychicznym, wywo\u0142uj\u0105ce u tej osoby cierpienie lub krzywd\u0119,<\/li>\n\n\n\n<li>ograniczaj\u0105ce lub pozbawiaj\u0105ce t\u0119 osob\u0119 dost\u0119pu do \u015brodk\u00f3w finansowych lub mo\u017cliwo\u015bci podj\u0119cia pracy lub uzyskania samodzielno\u015bci finansowej,<\/li>\n\n\n\n<li>istotnie naruszaj\u0105ce prywatno\u015b\u0107 tej osoby lub wzbudzaj\u0105ce u niej poczucie zagro\u017cenia, poni\u017cenia lub udr\u0119czenia, w tym podejmowane za pomoc\u0105 \u015brodk\u00f3w komunikacji elektronicznej.<\/li>\n<\/ul>\n<\/li>\n\n\n\n<li><strong>Osoba odpowiedzialna za stosowanie standard\u00f3w ochrony ma\u0142oletnich <\/strong>\u2013 pracodawca lub wskazany przez niego pracownik, kt\u00f3ry sprawuje nadz\u00f3r nad prawid\u0142owym stosowaniem w O\u015brodku Szkolenia Kierowc\u00f3w standard\u00f3w ochrony ma\u0142oletnich oraz ich aktualizacj\u0105, b\u0105d\u017a wyznaczony jego zast\u0119pca.<\/li>\n\n\n\n<li><strong>Osoba odpowiedzialna za przyjmowanie zg\u0142osze\u0144<\/strong> \u2013 pracodawca lub wskazany przez niego pracownik, kt\u00f3ry jest odpowiedzialny za przyjmowanie i nadanie prawid\u0142owego biegu oraz rozpatrzenie zg\u0142osze\u0144 o zdarzeniach zagra\u017caj\u0105cych ma\u0142oletniemu, b\u0105d\u017a wyznaczony jego zast\u0119pca.<\/li>\n\n\n\n<li><strong>Osoba odpowiedzialna za prowadzenie interwencji<\/strong> \u2013 pracodawca lub wskazany przez niego pracownik, kt\u00f3ry jest odpowiedzialny za prowadzenie interwencji w O\u015brodku Szkolenia Kierowc\u00f3w przed w\u0142a\u015bciwymi organami lub instytucjami, b\u0105d\u017a wyznaczony jego zast\u0119pca.<\/li>\n\n\n\n<li><strong>Osoba odpowiedzialna za udzielanie wsparcia ma\u0142oletniemu<\/strong> \u2013 pracodawca lub wskazany przez niego pracownik, kt\u00f3ry jest odpowiedzialny za opracowanie oraz nadz\u00f3r nad realizacj\u0105 planu wsparcia ma\u0142oletniego po ustaleniu zdarzenia\/zdarze\u0144 krzywdzenia ma\u0142oletniego, b\u0105d\u017a wyznaczony jego zast\u0119pca.<\/li>\n\n\n\n<li><strong>Rejestr interwencji<\/strong> \u2013 prowadzony w formie papierowe lub elektronicznej rejestr zg\u0142oszonych lub ujawnionych zdarze\u0144 krzywdzenia ma\u0142oletniego, zawieraj\u0105cy:\n<ul class=\"wp-block-list\">\n<li>Osob\u0119 zg\u0142aszaj\u0105c\u0105<\/li>\n\n\n\n<li>Wskazane w zg\u0142oszeniu zdarzenie\/zdarzenia krzywdzenia ma\u0142oletniego<\/li>\n\n\n\n<li>Osob\u0119\/osoby podejrzewane o krzywdzenie<\/li>\n\n\n\n<li>Dzia\u0142ania podj\u0119te w ramach interwencji<\/li>\n\n\n\n<li>Dat\u0119 podj\u0119tych dzia\u0142a\u0144<\/li>\n\n\n\n<li>Dokumentacj\u0119 wytworzon\u0105 w czasie interwencji<\/li>\n<\/ul>\n<\/li>\n\n\n\n<li><strong>Dane osobowe ma\u0142oletniego<\/strong> \u2013 ka\u017cda informacja oraz ich zbi\u00f3r umo\u017cliwiaj\u0105cy identyfikacj\u0119 ma\u0142oletniego.<\/li>\n<\/ol>\n\n\n\n<h3 class=\"wp-block-heading has-text-align-center\"><strong>\u00a7 2.<\/strong><\/h3>\n\n\n\n<p>Krzywdzenie ma\u0142oletniego mo\u017ce przybra\u0107 form\u0119:<\/p>\n\n\n\n<ul class=\"wp-block-list\">\n<li>przemocy fizycznej, tj. jednorazowe b\u0105d\u017a powtarzaj\u0105ce si\u0119 dzia\u0142anie lub zaniechanie, skutkiem kt\u00f3rego jest krzywda fizyczna (uszkodzenie cia\u0142a) lub zagro\u017cenie krzywd\u0105 fizyczn\u0105;<\/li>\n\n\n\n<li>przemocy psychicznej, tj. powtarzaj\u0105ca si\u0119 interakcja mi\u0119dzy ma\u0142oletnim a osob\u0105 za niego odpowiedzialn\u0105 lub kt\u00f3rej ufa, skutkuj\u0105ca negatywnymi odczuciami nie fizycznymi (np. zastraszanie, manipulacja, lekcewa\u017cenie, poni\u017canie, wywo\u0142ywanie poczucia winy, odrzucanie);<\/li>\n\n\n\n<li>przemocy seksualnej, tj. zaspokajanie potrzeb seksualnych poprzez zaanga\u017cowanie ma\u0142oletniego zar\u00f3wno przez osob\u0119 doros\u0142\u0105 albo innego ma\u0142oletniego. Mo\u017ce nast\u0105pi\u0107 poprzez kontakt fizyczny, b\u0105d\u017a gdy do takiego kontaktu nie dochodzi (np. rozmowy o podtek\u015bcie seksualnym, ekshibicjonizm, zach\u0119canie do zapoznawania si\u0119 z pornografi\u0105);<\/li>\n\n\n\n<li>zaniedbywania, tj. jednorazowe b\u0105d\u017a powtarzaj\u0105ce si\u0119 niezaspokajanie psychicznych lub fizycznych potrzeb ma\u0142oletniego przez osob\u0119 zobowi\u0105zan\u0105 do wychowania oraz opieki nad ma\u0142oletnim;<\/li>\n\n\n\n<li>przemocy r\u00f3wie\u015bniczej, tj. do\u015bwiadczanie przez ma\u0142oletniego r\u00f3\u017cnych form n\u0119kania (fizycznej, werbalnej, psychicznej, seksualnej, materialnej, za po\u015brednictwem Internetu) ze strony r\u00f3wie\u015bnik\u00f3w.<\/li>\n<\/ul>\n\n\n\n<h3 class=\"wp-block-heading has-text-align-center\"><strong>Rozdzia\u0142 II<\/strong><\/h3>\n\n\n\n<h3 class=\"wp-block-heading has-text-align-center\"><strong>Zasady zapewniaj\u0105ce bezpieczne relacje mi\u0119dzy ma\u0142oletnim<\/strong> <strong>a pracownikami O\u015brodka Szkolenia Kierowc\u00f3w<\/strong><\/h3>\n\n\n\n<h3 class=\"wp-block-heading has-text-align-center\"><strong>\u00a7 3.<\/strong><\/h3>\n\n\n\n<ol class=\"wp-block-list\">\n<li>Przed nawi\u0105zaniem z pracownikiem stosunku pracy lub przed dopuszczeniem go&nbsp;do&nbsp;innej dzia\u0142alno\u015bci w O\u015brodku Szkolenia Kierowc\u00f3w pracodawca ma obowi\u0105zek:\n<ul class=\"wp-block-list\">\n<li>uzyskania informacji, czy dana osoba nie jest zamieszczona w Rejestrze z dost\u0119pem ograniczonym lub w Rejestrze os\u00f3b, w stosunku do kt\u00f3rych Pa\u0144stwowa Komisja do spraw przeciwdzia\u0142ania wykorzystaniu seksualnemu ma\u0142oletnich poni\u017cej lat 15 wyda\u0142a postanowienie o wpisie w Rejestrze;<\/li>\n\n\n\n<li>uzyskania od pracownika za\u015bwiadczenia o niekaralno\u015bci z Krajowego Rejestru Karnego.<\/li>\n<\/ul>\n<\/li>\n\n\n\n<li>Pracownik, o kt\u00f3rym mowa w ust. 1, posiadaj\u0105cy obywatelstwo innego pa\u0144stwa ni\u017c Rzeczpospolita Polska, ponadto przedk\u0142ada pracodawcy lub innemu organizatorowi informacj\u0119 z rejestru karnego pa\u0144stwa obywatelstwa uzyskiwan\u0105 do cel\u00f3w dzia\u0142alno\u015bci zawodowej lub wolontariackiej zwi\u0105zanej z kontaktami z dzie\u0107mi.<\/li>\n\n\n\n<li>Pracownik, o kt\u00f3rym mowa w ust. 1, sk\u0142ada pracodawcy lub innemu organizatorowi o\u015bwiadczenie o pa\u0144stwie lub pa\u0144stwach, w kt\u00f3rych zamieszkiwa\u0142a w ci\u0105gu ostatnich 20 lat, innych ni\u017c Rzeczpospolita Polska i pa\u0144stwo obywatelstwa, oraz jednocze\u015bnie przedk\u0142ada pracodawcy lub innemu organizatorowi informacj\u0119 z rejestr\u00f3w karnych tych pa\u0144stw uzyskiwan\u0105 do cel\u00f3w dzia\u0142alno\u015bci zawodowej lub wolontariackiej zwi\u0105zanej z kontaktami z dzie\u0107mi.<\/li>\n\n\n\n<li>Je\u017celi prawo pa\u0144stwa, o kt\u00f3rym mowa w ust. 2 lub 3, nie przewiduje wydawania informacji do cel\u00f3w dzia\u0142alno\u015bci zawodowej lub wolontariackiej zwi\u0105zanej z kontaktami z dzie\u0107mi, przedk\u0142ada si\u0119 informacj\u0119 z rejestru karnego tego pa\u0144stwa.<\/li>\n\n\n\n<li>W przypadku gdy prawo pa\u0144stwa, z kt\u00f3rego ma by\u0107 przed\u0142o\u017cona informacja, o kt\u00f3rej mowa w ust. 2-4, nie przewiduje jej sporz\u0105dzenia lub w danym pa\u0144stwie nie prowadzi si\u0119 rejestru karnego, pracownik, o kt\u00f3rym mowa w ust. 1, sk\u0142ada pracodawcy lub innemu organizatorowi o\u015bwiadczenie o tym fakcie wraz z o\u015bwiadczeniem, \u017ce nie by\u0142a prawomocnie skazany w tym pa\u0144stwie za czyny zabronione odpowiadaj\u0105ce przest\u0119pstwom okre\u015blonym w rozdziale XIX i XXV Kodeksu karnego, w&nbsp;art. 189a&nbsp;i&nbsp;art. 207&nbsp;Kodeksu karnego oraz w ustawie z dnia 29 lipca 2005 r. o przeciwdzia\u0142aniu narkomanii oraz nie wydano wobec niej innego orzeczenia, w kt\u00f3rym stwierdzono, i\u017c dopu\u015bci\u0142a si\u0119 takich czyn\u00f3w zabronionych, oraz \u017ce nie ma obowi\u0105zku wynikaj\u0105cego z orzeczenia s\u0105du, innego uprawnionego organu lub ustawy stosowania si\u0119 do zakazu zajmowania wszelkich lub okre\u015blonych stanowisk, wykonywania wszelkich lub okre\u015blonych zawod\u00f3w albo dzia\u0142alno\u015bci, zwi\u0105zanych z wychowaniem, edukacj\u0105, wypoczynkiem, leczeniem, \u015bwiadczeniem porad psychologicznych, rozwojem duchowym, uprawianiem sportu lub realizacj\u0105 innych zainteresowa\u0144 przez ma\u0142oletnich, lub z opiek\u0105 nad nimi.<\/li>\n\n\n\n<li>O\u015bwiadczenia, o kt\u00f3rych mowa w ust. 3 i 5, sk\u0142adane s\u0105 pod rygorem odpowiedzialno\u015bci karnej za z\u0142o\u017cenie fa\u0142szywego o\u015bwiadczenia.<\/li>\n\n\n\n<li>Wykonanie obowi\u0105zk\u00f3w, o kt\u00f3rych mowa w ust. 1-5, nie jest wymagane przed dopuszczeniem do pracy z ma\u0142oletnim, lub z opiek\u0105 nad nimi, cz\u0142onka rodziny ma\u0142oletniego, lub osoby znanej osobi\u015bcie rodzicowi ma\u0142oletniego albo przedstawicielowi ustawowemu ma\u0142oletniego, gdy jest ona wykonywana w stosunku do ma\u0142oletniego dziecka, kt\u00f3rego rodzic albo przedstawiciel ustawowy s\u0105 dopuszczaj\u0105cymi do pracy.<\/li>\n<\/ol>\n\n\n\n<h3 class=\"wp-block-heading has-text-align-center\"><strong>\u00a7 4.&nbsp;<\/strong><\/h3>\n\n\n\n<ol class=\"wp-block-list\">\n<li>Pracownik ma obowi\u0105zek:\n<ul class=\"wp-block-list\">\n<li>zapoznania si\u0119 i stosowania Standard\u00f3w ochrony ma\u0142oletnich wprowadzonych w O\u015brodku Szkolenia Kierowc\u00f3w;<\/li>\n\n\n\n<li>dzia\u0142ania w najlepszym interesie i dla dobra ma\u0142oletniego;<\/li>\n\n\n\n<li>traktowania ma\u0142oletniego z szacunkiem, z uwzgl\u0119dnieniem jego prywatno\u015bci, potrzeb i godno\u015bci;<\/li>\n<\/ul>\n<\/li>\n\n\n\n<li>Pracownik nie mo\u017ce:\n<ul class=\"wp-block-list\">\n<li>krzywdzi\u0107 ma\u0142oletniego;<\/li>\n\n\n\n<li>stosowa\u0107 wobec ma\u0142oletniego przemocy w jakiejkolwiek formie;<\/li>\n\n\n\n<li>nawi\u0105za\u0107 z ma\u0142oletnim jakiejkolwiek relacji intymnej lub seksualnej;<\/li>\n\n\n\n<li>utrwala\u0107 wizerunku ma\u0142oletniego dla potrzeb prywatnych;<\/li>\n\n\n\n<li>przyjmowa\u0107 od ma\u0142oletniego \u015bwiadcze\u0144 materialnych lub finansowych dla zaspokojenia prywatnych potrzeb lub interes\u00f3w.<\/li>\n<\/ul>\n<\/li>\n\n\n\n<li>Kontakt z ma\u0142oletnim mo\u017ce by\u0107 zwi\u0105zany wy\u0142\u0105cznie z realizacji obowi\u0105zk\u00f3w pracowniczych i jest jawny.<\/li>\n<\/ol>\n\n\n\n<h3 class=\"wp-block-heading has-text-align-center\"><strong>\u00a7 5.&nbsp;<\/strong><\/h3>\n\n\n\n<h3 class=\"wp-block-heading has-text-align-center\"><strong>Komunikacja i dzia\u0142ania z ma\u0142oletnimi<\/strong><\/h3>\n\n\n\n<ol class=\"wp-block-list\">\n<li>Pracownik ma obowi\u0105zek:\n<ul class=\"wp-block-list\">\n<li>wykazywa\u0107 w stosunku do ma\u0142oletniego szacunek i cierpliwo\u015b\u0107;<\/li>\n\n\n\n<li>traktowa\u0107 ma\u0142oletnich r\u00f3wno niezale\u017cnie od ich m. in. p\u0142ci, orientacji seksualnej, narodowo\u015bci, pochodzenia, religii,&nbsp; czy&nbsp;\u015bwiatopogl\u0105du.<\/li>\n<\/ul>\n<\/li>\n\n\n\n<li>Pracownik nie mo\u017ce:\n<ul class=\"wp-block-list\">\n<li>obra\u017ca\u0107, zawstydza\u0107, lekcewa\u017cy\u0107 i upokarza\u0107 ma\u0142oletniego;<\/li>\n\n\n\n<li>ujawnia\u0107 osobom nieuprawnionym wra\u017cliwych informacji dotycz\u0105cych ma\u0142oletniego;<\/li>\n\n\n\n<li>zachowywa\u0107 si\u0119 wobec ma\u0142oletniego niestosowanie, w tym u\u017cywa\u0107 s\u0142\u00f3w i gest\u00f3w powszechnie uznanych za wulgarne lub obel\u017cywe;<\/li>\n\n\n\n<li>kierowa\u0107 do ma\u0142oletniego wypowiedzi o podtek\u015bcie seksualnym;<\/li>\n\n\n\n<li>proponowa\u0107 ma\u0142oletniemu alkoholu, wyrob\u00f3w tytoniowych oraz innych nielegalnych substancji oraz u\u017cywa\u0107 ich w czasie pracy w obecno\u015bci ma\u0142oletniego;<\/li>\n\n\n\n<li>utrwala\u0107 wizerunek ma\u0142oletniego (np. poprzez filmowanie, nagrywanie g\u0142osu, fotografowanie) dla potrzeb prywatnych;<\/li>\n\n\n\n<li>przyjmowa\u0107 pieni\u0119dzy lub prezent\u00f3w od ma\u0142oletniego oraz jego opiekun\u00f3w prawnych;<\/li>\n\n\n\n<li>zaprasza\u0107 ma\u0142oletniego do miejsca swojego zamieszkania lub na spotkania niezwi\u0105zane z realizacj\u0105 obowi\u0105zk\u00f3w pracowniczych;<\/li>\n\n\n\n<li>przyjmowa\u0107 zaprosze\u0144 ma\u0142oletniego do miejsca jego zamieszkania lub na spotkania niezwi\u0105zane z realizacj\u0105 obowi\u0105zk\u00f3w pracowniczych.<\/li>\n<\/ul>\n<\/li>\n\n\n\n<li>Pracownik mo\u017ce pozostawa\u0107 z ma\u0142oletnim sam na sam wy\u0142\u0105cznie w uzasadnionych sytuacjach (np. w czasie zaj\u0119\u0107 praktycznych, gdy&nbsp; nie ma organizacyjnych mo\u017cliwo\u015bci przeprowadzenia zaj\u0119\u0107 w grupie obejmuj\u0105cej co najmniej dwie osoby ma\u0142oletnie). W takim przypadku pracownik ma obowi\u0105zek poinformowa\u0107 o tym pracodawc\u0119 lub wyznaczonego przez niego pracownika. Informacja powinna zawiera\u0107 dane ma\u0142oletniego oraz dat\u0119 i godzin\u0119 spotkania.<\/li>\n\n\n\n<li>Kontakt pracownika z ma\u0142oletnim (w tym przez telefon, czy Internet) powinien co do zasady odbywa\u0107 si\u0119 wy\u0142\u0105cznie w czasie pracy i by\u0107 zwi\u0105zany z wykonywaniem obowi\u0105zk\u00f3w pracowniczych.<\/li>\n\n\n\n<li>Komunikacja z ma\u0142oletnim oraz jego opiekunami prawnymi mog\u0105 odbywa\u0107 si\u0119 poza czasem pracy wy\u0142\u0105cznie w uzasadnionych okoliczno\u015bciach, poprzez kana\u0142y s\u0142u\u017cbowe (s\u0142u\u017cbowy telefon, e-mail).<\/li>\n\n\n\n<li>Komunikacja z ma\u0142oletnimi przez kana\u0142y internetowe mog\u0105 obywa\u0107 si\u0119 wy\u0142\u0105cznie jawnie i je\u017celi w grupie odbiorc\u00f3w uczestniczy co najmniej jeszcze jedna osoba doros\u0142a.<\/li>\n\n\n\n<li>W sytuacji gdy pracownik utrzymuje relacje towarzyskie lub rodzinne z ma\u0142oletnim i jego opiekunami prawnymi, ma on obowi\u0105zek zachowania poufno\u015bci informacji pozyskanych o innych ma\u0142oletnich.<\/li>\n\n\n\n<li>Ograniczenia uregulowane w ust. 6 i 7 nie dotycz\u0105 sytuacji, w kt\u00f3rych dobro ma\u0142oletniego jest zagro\u017cone.&nbsp; W takim przypadku konieczne jest podj\u0119cie dzia\u0142a\u0144 zabezpieczaj\u0105cych ma\u0142oletniego.<\/li>\n<\/ol>\n\n\n\n<h3 class=\"wp-block-heading has-text-align-center\"><strong>\u00a7 6.<\/strong><\/h3>\n\n\n\n<h3 class=\"wp-block-heading has-text-align-center\"><strong>Kontakt fizyczny z ma\u0142oletnimi<\/strong><strong><\/strong><\/h3>\n\n\n\n<ol class=\"wp-block-list\">\n<li>Pracownik nie mo\u017ce:\n<ul class=\"wp-block-list\">\n<li>dotyka\u0107 ma\u0142oletniego w spos\u00f3b nieprzyzwoity lub niestosowny lub kt\u00f3ry mo\u017ce zosta\u0107 za taki uznany (np. \u0142askotanie);<\/li>\n\n\n\n<li>stosowa\u0107 w stosunku do ma\u0142oletniego przemocy fizycznej (np. szturcha\u0107, popycha\u0107, bi\u0107) lub bra\u0107 udzia\u0142 w udawanych walkach, b\u0105d\u017a brutalnych zabawach fizycznych.<\/li>\n<\/ul>\n<\/li>\n\n\n\n<li>Pracownik ma obowi\u0105zek zachowania szczeg\u00f3lnej ostro\u017cno\u015bci wobec os\u00f3b ma\u0142oletnich, kt\u00f3re do\u015bwiadczy\u0142y krzywdzenia w jakiejkolwiek formie.<\/li>\n\n\n\n<li>Kontakt fizyczny z ma\u0142oletnim mo\u017ce odbywa\u0107 si\u0119 jedynie w uzasadnionych okoliczno\u015bciach (np. konieczno\u015bci udzielenia pomocy) i wy\u0142\u0105cznie za jego zgod\u0105 oraz zgodnie z jego potrzeb\u0105. Obowi\u0105zek uzyskania zgody ma\u0142oletniego odpada w&nbsp;przypadku konieczno\u015bci udzielenia mu pomocy, gdy stan ma\u0142oletniego uniemo\u017cliwia swobodne wyra\u017cenie woli.<\/li>\n<\/ol>\n\n\n\n<h3 class=\"wp-block-heading has-text-align-center\"><strong>Rozdzia\u0142 III<\/strong><\/h3>\n\n\n\n<h3 class=\"wp-block-heading has-text-align-center\"><strong>Obowi\u0105zki i kompetencje<\/strong><strong><\/strong><\/h3>\n\n\n\n<h3 class=\"wp-block-heading has-text-align-center\"><strong>\u00a7 7.<\/strong><\/h3>\n\n\n\n<ol class=\"wp-block-list\">\n<li>Pracodawca ma obowi\u0105zek:\n<ul class=\"wp-block-list\">\n<li>dbania o tworzenie i utrzymanie bezpiecznego \u015brodowiska pracy;<\/li>\n\n\n\n<li>wyznaczenie osoby odpowiedzialnej za:\n<ul class=\"wp-block-list\">\n<li>standardy ochrony ma\u0142oletnich,<\/li>\n\n\n\n<li>przyjmowanie zg\u0142osze\u0144,<\/li>\n\n\n\n<li>prowadzenie interwencji,<\/li>\n\n\n\n<li>bezpiecze\u0144stwo w Internecie,<\/li>\n\n\n\n<li>udzielanie wsparcia ma\u0142oletniemu.<\/li>\n<\/ul>\n<\/li>\n<\/ul>\n<\/li>\n\n\n\n<li>Lista os\u00f3b odpowiedzialnych, o kt\u00f3rych mowa w ust. 1 pkt 2 stanowi za\u0142\u0105cznik nr 3 do Standard\u00f3w ochrony ma\u0142oletnich.<\/li>\n\n\n\n<li>Osoba odpowiedzialna za standardy ochrony ma\u0142oletnich ma obowi\u0105zek:\n<ul class=\"wp-block-list\">\n<li>udost\u0119pniania standard\u00f3w ochrony ma\u0142oletnich na terenie O\u015brodka Szkolenia Kierowc\u00f3w oraz na stronie internetowej O\u015brodka Szkolenia Kierowc\u00f3w,<\/li>\n\n\n\n<li>przeszkolenia pracownik\u00f3w w celu stosowania standard\u00f3w ochrony ma\u0142oletnich,<\/li>\n\n\n\n<li>wsp\u00f3\u0142pracy z innymi osobami, kt\u00f3re zosta\u0142y wyznaczone do realizacji Standard\u00f3w ochrony ma\u0142oletnich,<\/li>\n\n\n\n<li>prowadzenia ewidencji pracownik\u00f3w, kt\u00f3rzy zapoznali si\u0119 z Standardami ochrony ma\u0142oletnich przed przyst\u0105pieniem do pracy albo po dokonaniu zmian w Standardach ochrony ma\u0142oletnich,<\/li>\n\n\n\n<li>monitorowania prawid\u0142owego stosowania Standard\u00f3w ochrony ma\u0142oletnich,<\/li>\n\n\n\n<li>aktualizacji oraz ulepszania Standard\u00f3w ochrony ma\u0142oletnich.<\/li>\n<\/ul>\n<\/li>\n\n\n\n<li>Osoba odpowiedzialna za przyjmowanie zg\u0142osze\u0144 ma obowi\u0105zek:\n<ul class=\"wp-block-list\">\n<li>przyj\u0119cia zg\u0142oszenia o zdarzeniu, kt\u00f3re mo\u017ce stanowi\u0107 zagro\u017cenie dla ma\u0142oletniego;<\/li>\n\n\n\n<li>przyj\u0119cia zg\u0142oszenia o krzywdzeniu ma\u0142oletniego lub ujawnieniu oznak krzywdzenia ma\u0142oletniego;<\/li>\n\n\n\n<li>przekazania zg\u0142oszenia osobie odpowiedzialnej za prowadzenie interwencji oraz pracodawcy;<\/li>\n\n\n\n<li>poinformowania Policji lub Pogotowia ratunkowego oraz opiekun\u00f3w prawnych, je\u017celi zagro\u017cone jest zdrowie lub \u017cycie ma\u0142oletniego;<\/li>\n<\/ul>\n<\/li>\n\n\n\n<li>Osoba odpowiedzialna za prowadzenie interwencji ma obowi\u0105zek:\n<ul class=\"wp-block-list\">\n<li>rozpocz\u0119cia interwencji zgodnie z procedurami przewidzianymi w Standardach ochrony ma\u0142oletnich;<\/li>\n\n\n\n<li>prowadzenia rejestru interwencji i przechowywania go w miejscu, do kt\u00f3rego dost\u0119p ma wy\u0142\u0105cznie osoba odpowiedzialna za prowadzenie interwencji oraz pracodawca;<\/li>\n\n\n\n<li>dokumentowania zg\u0142osze\u0144, ich weryfikacji oraz informowania pracodawcy o poczynionych ustaleniach.<\/li>\n<\/ul>\n<\/li>\n\n\n\n<li>Osoba odpowiedzialna za bezpiecze\u0144stwo w Internecie ma obowi\u0105zek:\n<ul class=\"wp-block-list\">\n<li>wprowadzenia oraz aktualizacja wytycznych dotycz\u0105cych bezpiecznego korzystania z Internetu;<\/li>\n\n\n\n<li>publikacji wytycznych w miejscu og\u00f3lnodost\u0119pnym w O\u015brodku Szkolenia Kierowc\u00f3w oraz na stronie internetowej O\u015brodka Szkolenia Kierowc\u00f3w;<\/li>\n\n\n\n<li>zapoznania z wytycznymi oraz ich aktualizacj\u0105 pracownik\u00f3w oraz ma\u0142oletnich;<\/li>\n\n\n\n<li>zapewnienia bezpiecznych warunk\u00f3w korzystania z Internetu na urz\u0105dzeniach O\u015brodka Szkolenia Kierowc\u00f3w poprzez m. in. ustalenie blokady dost\u0119pu do tre\u015bci nieodpowiednich do wieku ma\u0142oletnich, nielegalnych lub szkodliwych, jej intalacj\u0119 oraz regularn\u0105 aktualizacj\u0119;<\/li>\n\n\n\n<li>weryfikacji czy na urz\u0105dzeniach O\u015brodka Szkolenia Kierowc\u00f3w nie&nbsp;znajduj\u0105 si\u0119 tre\u015bci nieodpowiednie do wieku ma\u0142oletnich, nielegalne lub szkodliwe.<\/li>\n<\/ul>\n<\/li>\n\n\n\n<li>Osoba odpowiedzialna za udzielanie wsparcia ma\u0142oletniemu ma obowi\u0105zek:\n<ul class=\"wp-block-list\">\n<li>stworzenia planu wsparcia ma\u0142oletniego,<\/li>\n\n\n\n<li>udzielania wsparcia ma\u0142oletniego, w spos\u00f3b \u017cyczliwy i dyskretny oraz kt\u00f3ry zapewni ma\u0142oletniemu bezpiecze\u0144stwo i zaspokoi jego bie\u017c\u0105ce podstawowe potrzeby;<\/li>\n\n\n\n<li>monitorowania wsparcia udzielanego ma\u0142oletniemu;<\/li>\n\n\n\n<li>skierowania ma\u0142oletniego lub jego opiekun\u00f3w prawnych do odpowiednich instytucji wspieraj\u0105cych (np. poradni psychologicznych, grup wsparcia, o\u015brodka pomocy spo\u0142ecznej).<\/li>\n<\/ul>\n<\/li>\n<\/ol>\n\n\n\n<h3 class=\"wp-block-heading has-text-align-center\"><strong>Rozdzia\u0142 IV<\/strong><\/h3>\n\n\n\n<h3 class=\"wp-block-heading has-text-align-center\"><strong>Zasady i procedura podejmowania interwencji w sytuacji podejrzenia<\/strong> <strong>krzywdzenia lub posiadania informacji o krzywdzeniu ma\u0142oletniego<\/strong><\/h3>\n\n\n\n<h3 class=\"wp-block-heading has-text-align-center\"><strong>\u00a7 8.&nbsp;<\/strong><\/h3>\n\n\n\n<ol class=\"wp-block-list\">\n<li>Bezpiecze\u0144stwo ma\u0142oletnich mo\u017ce zosta\u0107 zagro\u017cone przy wykorzystaniu r\u00f3\u017cnych sposob\u00f3w komunikowania lub kontaktu oraz przybra\u0107 r\u00f3\u017cne formy.<\/li>\n\n\n\n<li>O\u015brodek Szkolenia Kierowc\u00f3w na potrzeby niniejszych Standard\u00f3w ochrony ma\u0142oletnich przyjmuje nast\u0119puj\u0105c\u0105 kwalifikacj\u0119 zagro\u017cenia dla bezpiecze\u0144stwa ma\u0142oletnich:\n<ul class=\"wp-block-list\">\n<li>pope\u0142nienie przest\u0119pstwa na szkod\u0119 ma\u0142oletnich (np. zn\u0119canie, wykorzystanie seksualne),<\/li>\n\n\n\n<li>inna forma krzywdzenia nieb\u0119d\u0105ca przest\u0119pstwem, (krzyk, wy\u015bmiewanie, wymagania przekraczaj\u0105ce mo\u017cliwo\u015bci ma\u0142oletniego),<\/li>\n\n\n\n<li>zaniedbanie podstawowych potrzeb \u017cyciowych ma\u0142oletniego (np. dotycz\u0105cych \u017cywienia, czy zdrowia).<\/li>\n<\/ul>\n<\/li>\n\n\n\n<li>Zawarte w standardach ochrony ma\u0142oletnich procedury interwencji maj\u0105 na celu wspieranie pracownik\u00f3w w realizowaniu spo\u0142ecznego i prawnego obowi\u0105zku reagowania w przypadku podejrzenia krzywdzenia ma\u0142oletniego, a tak\u017ce zapewnienie ma\u0142oletniemu bezpiecze\u0144stwa.<\/li>\n\n\n\n<li>W sytuacji gdy pracownik odpowiedzialny za interwencj\u0119 ma w\u0105tpliwo\u015bci jakie dzia\u0142ania podj\u0105\u0107 w celu zapewnienia ma\u0142oletniemu bezpiecze\u0144stwa mo\u017ce uzyska\u0107 pomoc w&nbsp;Fundacji Dajemy Dzieciom Si\u0142\u0119 pod numerem telefonu 800&nbsp;100 100.<\/li>\n\n\n\n<li>Ka\u017cdy ma spo\u0142eczny obowi\u0105zek zg\u0142oszenia na Policj\u0119 lub do prokuratury podejrzenia pope\u0142nienia przest\u0119pstwa. W przypadku natomiast podejrzenia wykorzystania seksualnego ma\u0142oletniego poni\u017cej 15. roku \u017cycia, jego zg\u0142oszenie odpowiednim s\u0142u\u017cbom jest prawnym obowi\u0105zkiem. Niedope\u0142nienie tego obowi\u0105zku jest zagro\u017cone kar\u0105 pozbawienia wolno\u015bci do lat 3.<\/li>\n\n\n\n<li>W sytuacji podejrzenia, \u017ce ma\u0142oletniemu grozi ci\u0119\u017cki uszczerbek na zdrowiu lub jego \u017cycie jest zagro\u017cone, ka\u017cdy ma obowi\u0105zek niezw\u0142ocznego poinformowania odpowiednich s\u0142u\u017cb (np. pogotowie lub Policj\u0119). Z czynno\u015bci poinformowania s\u0142u\u017cb nale\u017cy dokona\u0107 notatk\u0119 s\u0142u\u017cbow\u0105 i przekaza\u0107 j\u0105 osobie odpowiedzialnej za prowadzenie interwencji odpowiadaj\u0105cej za prowadzenie dalszej interwencji zgodnie z obowi\u0105zuj\u0105cymi procedurami.<\/li>\n<\/ol>\n\n\n\n<h3 class=\"wp-block-heading has-text-align-center\"><strong>\u00a7 9.<\/strong><\/h3>\n\n\n\n<ol class=\"wp-block-list\">\n<li>W sytuacji powzi\u0119cia podejrzenia, \u017ce ma\u0142oletni jest krzywdzony lub&nbsp;taka okoliczno\u015b\u0107 zosta\u0142a zg\u0142oszona przez ma\u0142oletniego lub jego opiekuna prawnego, pracownik sporz\u0105dza notatk\u0119 s\u0142u\u017cbow\u0105, a nast\u0119pnie przekazuje j\u0105 osobie odpowiedzialnej za&nbsp;prowadzenie interwencji. Notatka mo\u017ce zosta\u0107 przes\u0142ana za&nbsp;po\u015brednictwem poczty elektronicznej.<\/li>\n\n\n\n<li>Osoba odpowiedzialna za prowadzenie interwencji ma obowi\u0105zek niezw\u0142ocznego powiadomienia pracodawcy o&nbsp;otrzymanym zg\u0142oszeniu oraz rozpocz\u0119ciu odpowiedniej procedury.<\/li>\n\n\n\n<li>W przypadku gdy ze zg\u0142oszenia wynika, \u017ce osob\u0105 zagra\u017caj\u0105c\u0105 bezpiecze\u0144stwu ma\u0142oletniego jest osoba wyznaczona do prowadzenia interwencji, w\u00f3wczas obowi\u0105zek przeprowadzenia interwencji spoczywa na pracodawcy.<\/li>\n\n\n\n<li>W przypadku gdy ze zg\u0142oszenia wynika, \u017ce osob\u0105 zagra\u017caj\u0105c\u0105 bezpiecze\u0144stwu ma\u0142oletniego jest pracodawca i jednocze\u015bnie nie wyznaczono innej osoby do prowadzenia interwencji, w\u00f3wczas obowi\u0105zek przeprowadzenia interwencji spoczywa na osobie do kt\u00f3rej zg\u0142oszono podejrzenie krzywdzenia lub kt\u00f3ra powzi\u0119\u0142a podejrzenie krzywdzenia.<\/li>\n\n\n\n<li>Czynno\u015bci podj\u0119te w ramach interwencji nale\u017cy opisa\u0107 w karcie interwencji, kt\u00f3r\u0105 nale\u017cy za\u0142\u0105czy\u0107 do rejestru interwencji. Formularz karty interwencji stanowi za\u0142\u0105cznik nr 1 do niniejszych Standard\u00f3w ochrony ma\u0142oletnich.<\/li>\n\n\n\n<li>Wszystkie informacje powzi\u0119te w zwi\u0105zku ze zg\u0142oszeniem lub podejrzeniem krzywdzenia ma\u0142oletnich s\u0105 poufne. Nie dotyczy to informacji przekazanych uprawnionym instytucjom w zwi\u0105zku z prowadzeniem interwencji.<\/li>\n<\/ol>\n\n\n\n<h3 class=\"wp-block-heading has-text-align-center\"><strong>\u00a7 10.<\/strong><\/h3>\n\n\n\n<h3 class=\"wp-block-heading has-text-align-center\"><strong>Podejrzenie krzywdzenia przez pracownika<\/strong><\/h3>\n\n\n\n<ol class=\"wp-block-list\">\n<li>W przypadku zg\u0142oszenia podejrzenia krzywdzenia ma\u0142oletniego przez pracownika osoba odpowiedzialna za prowadzenie interwencji przeprowadza rozmowy z:\n<ul class=\"wp-block-list\">\n<li>&nbsp;ma\u0142oletnim,<\/li>\n\n\n\n<li>innymi osobami maj\u0105cymi lub mog\u0105cymi mie\u0107 wiedz\u0119&nbsp;o&nbsp;zdarzeniu (w tym z&nbsp;opiekunami prawnymi ma\u0142oletniego) &#8211; w celu ustalenia przebiegu zdarzenia oraz jego wp\u0142ywu na zdrowie fizyczne i psychiczne ma\u0142oletniego.<\/li>\n<\/ul>\n<\/li>\n\n\n\n<li>Poczynione ustalenia osoba odpowiedzialna za prowadzenie interwencji spisuje w karcie interwencji.<\/li>\n\n\n\n<li>Osoba odpowiedzialna za prowadzenie interwencji organizuje osobiste spotkanie z&nbsp;opiekunami prawnymi ma\u0142oletniego, podczas kt\u00f3rego przekazuje informacje o&nbsp;zdarzeniu, podj\u0119tej interwencji oraz mo\u017cliwo\u015bci uzyskania specjalistycznego wsparcia.<\/li>\n\n\n\n<li>Osoba odpowiedzialna za prowadzenie interwencji organizuje spotkanie z pracodawc\u0105 oraz pracownikiem, kt\u00f3rego dotyczy zg\u0142oszenie, podczas kt\u00f3rego nale\u017cy wyja\u015bni\u0107 &nbsp;okoliczno\u015bci obj\u0119te zg\u0142oszeniem. Poczynione ustalenia nale\u017cy zawrze\u0107 w karcie interwencji.<\/li>\n\n\n\n<li>W sytuacji gdy zg\u0142oszenie dotyczy czynu zabronionego w rozumieniu powszechnie obowi\u0105zuj\u0105cych przepis\u00f3w, pracownik podejrzewany o krzywdzenie ma\u0142oletniego, ma&nbsp;zakaz jakiegokolwiek kontaktu z pokrzywdzonym oraz pozosta\u0142ymi ma\u0142oletnimi.<\/li>\n\n\n\n<li>W sytuacji podejrzenia przest\u0119pstwa wobec ma\u0142oletniego, pracodawca lub wyznaczony przez niego pracownik sporz\u0105dza zawiadomienie o mo\u017cliwo\u015bci pope\u0142nienia przest\u0119pstwa i przekazuje je do w\u0142a\u015bciwej miejscowo Policji lub prokuratury.<\/li>\n\n\n\n<li>W sytuacji ustalenia, \u017ce pracownik dopu\u015bci\u0142 si\u0119 krzywdzenia ma\u0142oletniego, kt\u00f3re nie jest kwalifikowane jako przest\u0119pstwo (np. krzyk, upokarzanie), osoba odpowiedzialna za prowadzenie interwencji podejmuje decyzj\u0119 o podj\u0119ciu stosownych procedur dyscyplinarnych, w tym rozwi\u0105zanie umowy zawartej z tym pracownikiem, b\u0105d\u017a przekazuje pracodawcy takie zalecenie.<\/li>\n<\/ol>\n\n\n\n<h3 class=\"wp-block-heading has-text-align-center\"><strong>\u00a7 11.<\/strong><\/h3>\n\n\n\n<h3 class=\"wp-block-heading has-text-align-center\"><strong>Podejrzenie krzywdzenia przez opiekuna prawnego ma\u0142oletniego<\/strong><\/h3>\n\n\n\n<ol class=\"wp-block-list\">\n<li>W przypadku zg\u0142oszenia podejrzenia krzywdzenia ma\u0142oletniego przez jego opiekuna prawnego lub innego doros\u0142ego osoba odpowiedzialna za prowadzenie interwencji przeprowadza rozmowy z:\n<ul class=\"wp-block-list\">\n<li>ma\u0142oletnim<\/li>\n\n\n\n<li>innymi osobami maj\u0105cymi lub mog\u0105cymi mie\u0107 wiedz\u0119&nbsp;o&nbsp;zdarzeniu (w tym z&nbsp;opiekunami prawnymi ma\u0142oletniego) &#8211; w celu ustalenia przebiegu zdarzenia oraz jego wp\u0142ywu na zdrowie fizyczne i psychiczne ma\u0142oletniego.<\/li>\n<\/ul>\n<\/li>\n\n\n\n<li>Poczynione ustalenia osoba odpowiedzialna za prowadzenie interwencji spisuje w karcie interwencji.<\/li>\n\n\n\n<li>W sytuacji podejrzenia przest\u0119pstwa wobec ma\u0142oletniego, osoba odpowiedzialna za&nbsp;prowadzenie interwencji sporz\u0105dza zawiadomienie o mo\u017cliwo\u015bci pope\u0142nienia przest\u0119pstwa i przekazuje je do w\u0142a\u015bciwej miejscowo Policji lub prokuratury.<\/li>\n\n\n\n<li>W sytuacji ustalenia, \u017ce opiekun prawny lub inny domownik dopu\u015bci\u0142 si\u0119 wobec ma\u0142oletniego przemocy domowej osoba odpowiedzialna za prowadzenie interwencji informuje o\u015brodek pomocy spo\u0142ecznej w\u0142a\u015bciwy ze wzgl\u0119du na miejsce zamieszkania ma\u0142oletniego, kt\u00f3ry mo\u017ce wszcz\u0105\u0107 procedur\u0119 Niebieskiej Karty.<\/li>\n\n\n\n<li>W sytuacji ustalenia, \u017ce zachowanie opiekuna prawnego lub innego domownika wobec ma\u0142oletniego nie nosi znamion przemocy domowej, a relacje w rodzinie s\u0105 nieprawid\u0142owe (np. ma\u0142oletni jest zaniedbany, rodzice s\u0105 niewydolni wychowawczo) osoba odpowiedzialna za prowadzenie interwencji wyst\u0119puje do s\u0105du rodzinnego w\u0142a\u015bciwego ze&nbsp;wzgl\u0119du na miejsce zamieszkania dziecka o wgl\u0105d w sytuacj\u0119 rodziny.<\/li>\n\n\n\n<li>Informacje o&nbsp;zdarzeniu, podj\u0119tej interwencji oraz konieczno\u015bci lub mo\u017cliwo\u015bci skorzystania ze&nbsp;specjalistycznego wsparcia, osoba odpowiedzialna za prowadzenie interwencji przekazuje pe\u0142noletniemu cz\u0142onkowi rodziny ma\u0142oletniego, kt\u00f3ry nie jest sprawc\u0105 krzywdzenia.<\/li>\n<\/ol>\n\n\n\n<h3 class=\"wp-block-heading has-text-align-center\"><strong>\u00a7 12.<\/strong><\/h3>\n\n\n\n<h3 class=\"wp-block-heading has-text-align-center\"><strong>Podejrzenie krzywdzenia przez r\u00f3wie\u015bnika<\/strong><\/h3>\n\n\n\n<ol class=\"wp-block-list\">\n<li>W przypadku zg\u0142oszenia podejrzenia krzywdzenia ma\u0142oletniego przez r\u00f3wie\u015bnika osoba odpowiedzialna za prowadzenie interwencji przeprowadza rozmowy z:w celu ustalenia przebiegu zdarzenia oraz jego wp\u0142ywu na zdrowie fizyczne i psychiczne ma\u0142oletniego.\n<ul class=\"wp-block-list\">\n<li>krzywdzonym ma\u0142oletnim,<\/li>\n\n\n\n<li>opiekunami prawnymi krzywdzonego ma\u0142oletniego,<\/li>\n\n\n\n<li>ma\u0142oletnim podejrzanym o krzywdzenie wsp\u00f3lnie z jego opiekunami prawnymi,<\/li>\n\n\n\n<li>innymi osobami maj\u0105cymi lub mog\u0105cymi mie\u0107 wiedz\u0119&nbsp;o&nbsp;zdarzeniu (w tym z&nbsp;opiekunami prawnymi ma\u0142oletniego) &#8211; w celu ustalenia przebiegu zdarzenia oraz jego wp\u0142ywu na zdrowie fizyczne i psychiczne ma\u0142oletniego.<\/li>\n<\/ul>\n<\/li>\n\n\n\n<li>Poczynione ustalenia osoba odpowiedzialna za prowadzenie interwencji spisuje w&nbsp;kartach interwencji sporz\u0105dzanych oddzielnie dla krzywdzonego ma\u0142oletniego oraz ma\u0142oletniego krzywdz\u0105cego.<\/li>\n\n\n\n<li>Podczas prowadzenia rozm\u00f3w nale\u017cy ustali\u0107, czy bezpiecze\u0144stwo ma\u0142oletniego podejrzewanego o krzywdzenie innego ma\u0142oletniego nie zosta\u0142o naruszone na skutego krzywdzenia go przez opiekun\u00f3w prawnych, innego doros\u0142ego albo r\u00f3wie\u015bnika. &nbsp;W sytuacji ustalenia takiej okoliczno\u015bci osoba odpowiedzialna za prowadzenie interwencji podejmuje interwencj\u0119 r\u00f3wnie\u017c wobec tego ma\u0142oletniego.<\/li>\n\n\n\n<li>W sytuacji ustalenia podczas rozmowy z opiekunami prawnymi, \u017ce nie podejmuj\u0105c oni pr\u00f3by wsparcia ma\u0142oletniego, ignoruj\u0105c zg\u0142oszenie krzywdzenia lub nie przejawiaj\u0105 zainteresowania wobec ma\u0142oletniego, osoba odpowiedzialna za prowadzenie interwencji ma obowi\u0105zek skierowania do w\u0142a\u015bciwego s\u0105du rodzinnego wniosku o wgl\u0105d w sytuacj\u0119 rodziny.<\/li>\n\n\n\n<li>W sytuacji, gdy r\u00f3wie\u015bnikiem podejrzanym o krzywdzenie jest ma\u0142oletni w wieku od 13 do 17 lat, a jego zachowanie stanowi czyn karalny, osoba odpowiedzialna za prowadzenie interwencji ma obowi\u0105zek poinformowa\u0107 Policj\u0119 lub w\u0142a\u015bciwy miejscowo s\u0105d rodzinny poprzez pisemne zawiadomienie.&nbsp;<\/li>\n\n\n\n<li>W sytuacji, gdy r\u00f3wie\u015bnikiem podejrzanym o krzywdzenie jest ma\u0142oletni w wieku powy\u017cej lat 17, a jego zachowanie stanowi przest\u0119pstwo, osoba odpowiedzialna za prowadzenie interwencji ma obowi\u0105zek poinformowa\u0107 w\u0142a\u015bciw\u0105 miejscowo jednostk\u0119 prokuratury lub Policji poprzez pisemne zawiadomienie.<\/li>\n<\/ol>\n\n\n\n<h3 class=\"wp-block-heading has-text-align-center\"><strong>Rozdzia\u0142 V<\/strong><strong><\/strong><\/h3>\n\n\n\n<h3 class=\"wp-block-heading has-text-align-center\"><strong>Zasady ustalania planu wsparcia ma\u0142oletniego po ujawnieniu krzywdzenia<\/strong><\/h3>\n\n\n\n<h3 class=\"wp-block-heading has-text-align-center\"><strong>\u00a7 13.&nbsp;<\/strong><\/h3>\n\n\n\n<h3 class=\"wp-block-heading has-text-align-center\"><strong>Plan wsparcia&nbsp;<\/strong><\/h3>\n\n\n\n<ol class=\"wp-block-list\">\n<li>W sytuacji ustalenia, \u017ce ma\u0142oletni jest krzywdzony, osoba odpowiedzialna za udzielenie wsparcia ma\u0142oletniemu ma obowi\u0105zek opracowania indywidualnego planu wsparcia, kt\u00f3ry b\u0119dzie dostosowany do potrzeb krzywdzonego ma\u0142oletniego. W tym celu mo\u017ce wsp\u00f3\u0142pracowa\u0107 z odpowiednim instytucjami wsparcia.<\/li>\n\n\n\n<li>Plan wsparcia jest opracowywany przy wsp\u00f3\u0142pracy z opiekunami prawnymi ma\u0142oletniego, a nast\u0119pnie omawiany z&nbsp;ma\u0142oletnim.<\/li>\n\n\n\n<li>W przypadku, gdy osob\u0105 krzywdz\u0105c\u0105 jest opiekun prawny ma\u0142oletniego, plan wsparcia nale\u017cy opracowa\u0107 we wsp\u00f3\u0142pracy z niekrzywdz\u0105cym opiekunem prawnym lub innym pe\u0142noletnim domownikiem ma\u0142oletniego.&nbsp;<\/li>\n\n\n\n<li>Plan powinien zawiera\u0107 wytyczne dotycz\u0105ce dzia\u0142a\u0144 zapewniaj\u0105cych ma\u0142oletniemu bezpiecze\u0144stwa (np. ofert\u0119 mo\u017cliwego do uzyskania wsparcia w odpowiednich instytucjach, spos\u00f3b odizolowania ma\u0142oletniego od osoby podejrzewanej o krzywdzenie, skierowanie ma\u0142oletniego do odpowiedniej instytucji).<\/li>\n<\/ol>\n\n\n\n<h3 class=\"wp-block-heading has-text-align-center\"><strong>Rozdzia\u0142 VI<\/strong><\/h3>\n\n\n\n<h3 class=\"wp-block-heading has-text-align-center\"><strong>Zasady bezpiecznego korzystania z Internetu<\/strong><\/h3>\n\n\n\n<h3 class=\"wp-block-heading has-text-align-center\"><strong>\u00a7 14.<\/strong><\/h3>\n\n\n\n<ol class=\"wp-block-list\">\n<li>W przypadku umo\u017cliwiania przez O\u015brodek Szkolenia Kierowc\u00f3w dost\u0119pu ma\u0142oletnim do Internetu, O\u015brodek Szkolenia Kierowc\u00f3w zabezpiecza ma\u0142oletnich przed dost\u0119pem do tre\u015bci szkodliwych i nieodpowiednich.<\/li>\n\n\n\n<li>Zagro\u017ceniem dla ma\u0142oletnich jest dost\u0119p do tre\u015bci:\n<ul class=\"wp-block-list\">\n<li>nielegalnych<\/li>\n\n\n\n<li>obrazuj\u0105cych przemoc, pornografi\u0119 lub patologi\u0119<\/li>\n\n\n\n<li>prezentuj\u0105cych drastyczne sceny, zar\u00f3wno z udzia\u0142em ludzi, jak i zwierz\u0105t<\/li>\n\n\n\n<li>nawo\u0142uj\u0105cych do przemocy, aktywno\u015bci seksualnej, pope\u0142niania przest\u0119pstw, radykalizacji lub dzia\u0142a\u0144 autodestrukcyjnych<\/li>\n<\/ul>\n<\/li>\n\n\n\n<li>O\u015brodek Szkolenia Kierowc\u00f3w uniemo\u017cliwia ma\u0142oletnim dost\u0119p do nieodpowiednich lub szkodliwych us\u0142ug online oraz kontakt\u00f3w online, kt\u00f3re mog\u0105 prowadzi\u0107 m. in. do presji r\u00f3wie\u015bniczej, cyberprzemocy, groomingu, szanta\u017cu, aktywno\u015bci seksualnej oraz hazardu.<\/li>\n\n\n\n<li>W przypadku umo\u017cliwiania przez O\u015brodek Szkolenia Kierowc\u00f3w ma\u0142oletnim dost\u0119pu do sieci wifi, O\u015brodek Szkolenia Kierowc\u00f3w blokuje dost\u0119p do tre\u015bci szkodliwych i nieodpowiednich.<\/li>\n\n\n\n<li>Przed umo\u017cliwieniem ma\u0142oletniemu dost\u0119pu do Internetu w O\u015brodku Szkolenia Kierowc\u00f3w konieczne jest zapoznanie si\u0119 przez ma\u0142oletniego z zasadami bezpiecznego korzystania z Internetu.<\/li>\n<\/ol>\n\n\n\n<h3 class=\"wp-block-heading has-text-align-center\"><strong>\u00a7 15.<\/strong><\/h3>\n\n\n\n<h3 class=\"wp-block-heading has-text-align-center\"><strong>Dzia\u0142ania w przypadku ujawnienia tre\u015bci szkodliwych<\/strong><\/h3>\n\n\n\n<ul class=\"wp-block-list\">\n<li>W przypadku ujawnienia tre\u015bci godz\u0105cych w bezpiecze\u0144stwo ma\u0142oletnich (szkodliwych dla ma\u0142oletnich) zwi\u0105zanych z&nbsp;korzystaniem przez nich z Internetu O\u015brodka Szkolenia Kierowc\u00f3w pracodawca lub wyznaczony przez niego pracownik podejmuje nast\u0119puj\u0105ce dzia\u0142ania:\n<ul class=\"wp-block-list\">\n<li>udokumentowanie oraz analiza ka\u017cdego zdarzenia zwi\u0105zanego z&nbsp;ujawnieniem tre\u015bci szkodliwych;<\/li>\n\n\n\n<li>zabezpieczenie dowod\u00f3w,<\/li>\n\n\n\n<li>w przypadku podejrzenia, \u017ce szkodliwe tre\u015bci naruszaj\u0105 obowi\u0105zuj\u0105ce prawo, niezw\u0142oczne zawiadomienie w\u0142a\u015bciwej jednostki Policji lub prokuratury;<\/li>\n\n\n\n<li>zablokowanie szkodliwych tre\u015bci.<\/li>\n<\/ul>\n<\/li>\n\n\n\n<li>Pracodawca lub wyznaczony przez niego pracownik przeprowadza rozmow\u0119 z&nbsp;ka\u017cdym uczestnikiem zdarzenia (tj. pokrzywdzonym, sprawc\u0105, \u015bwiadkiem). W&nbsp;przypadku uczestnika ma\u0142oletniego w rozmowie powinien uczestniczy\u0107 jego opiekun prawny.<\/li>\n\n\n\n<li>Pracodawca lub wyznaczony przez niego pracownik ma obowi\u0105zek powiadomienia oraz informowania opiekun\u00f3w prawnych ma\u0142oletnich uczestnik\u00f3w zdarzenia o&nbsp;podj\u0119tych w zwi\u0105zku ze zdarzeniem dzia\u0142aniach.<\/li>\n\n\n\n<li>W razie stwierdzenia krzywdzenia ma\u0142oletniego w zwi\u0105zku z ujawnieniem tre\u015bci szkodliwych nale\u017cy przeprowadzi\u0107 stosown\u0105 procedur\u0105 opisan\u0105 w Standardach ochrony ma\u0142oletnich.<\/li>\n<\/ul>\n\n\n\n<h3 class=\"wp-block-heading has-text-align-center\"><strong>\u00a7 16.<\/strong><\/h3>\n\n\n\n<h3 class=\"wp-block-heading has-text-align-center\"><strong>Dzia\u0142ania naprawcze<\/strong><\/h3>\n\n\n\n<p>Pracodawca lub wyznaczony przez niego pracownik informuje ma\u0142oletniego lub jego opiekun\u00f3w prawnych o mo\u017cliwo\u015bci:<\/p>\n\n\n\n<ul class=\"wp-block-list\">\n<li>usuni\u0119cia z Internetu krzywdz\u0105cych ma\u0142oletniego materia\u0142\u00f3w we wsp\u00f3\u0142pracy z <a href=\"https:\/\/dyzurnet.pl\/\">Dy\u017curnet.pl<\/a>;<\/li>\n\n\n\n<li>usuni\u0119cia z Internetu materia\u0142\u00f3w naruszaj\u0105cych prywatno\u015b\u0107 lub intymno\u015b\u0107 ma\u0142oletniego przy pomocy strony <a href=\"https:\/\/stopncii.org\/\">https:\/\/stopncii.org\/<\/a>, kt\u00f3ra pomaga usun\u0105\u0107 z Internetu materia\u0142y intymne z wizerunkiem osoby, kt\u00f3ra nie wyrazi\u0142a zgody na upublicznienie tre\u015bci.<\/li>\n<\/ul>\n\n\n\n<h3 class=\"wp-block-heading has-text-align-center\"><strong>Rozdzia\u0142 VII<\/strong><\/h3>\n\n\n\n<h3 class=\"wp-block-heading has-text-align-center\"><strong>Udost\u0119pnianie i rozpowszechnianie Standard\u00f3w ochrony ma\u0142oletnich<\/strong><\/h3>\n\n\n\n<h3 class=\"wp-block-heading has-text-align-center\"><strong>\u00a7 17.<\/strong><\/h3>\n\n\n\n<ol class=\"wp-block-list\">\n<li>Pracodawca organizuje szkolenia dla pracownik\u00f3w z zakresu Standard\u00f3w ochrony ma\u0142oletnich, stosowania Standard\u00f3w ochrony ma\u0142oletnich w praktyce oraz rozpoznawania czynnik\u00f3w ryzyka oraz oznak krzywdzenia ma\u0142oletnich.<\/li>\n\n\n\n<li>Z przeprowadzonego szkolenia pracodawca lub wyznaczony przez niego pracownik spisuje protok\u00f3\u0142, w kt\u00f3rym podaje si\u0119 co najmniej dat\u0119, temat oraz uczestnik\u00f3w szkolenia.<\/li>\n\n\n\n<li>Wersja skr\u00f3cona Standard\u00f3w ochrony ma\u0142oletnich w wersji papierowej jest udost\u0119pniana opiekunom prawnym ma\u0142oletnich przy zapisywaniu ma\u0142oletniego na kurs nauki jazdy oraz ma\u0142oletnim podczas pierwszych zaj\u0119\u0107 teoretycznych, w kt\u00f3rych ma\u0142oletni we\u017amie udzia\u0142.<\/li>\n\n\n\n<li>Wszyscy pracownicy maj\u0105 obowi\u0105zek zadbania, aby ma\u0142oletni mieli wiedz\u0119 o mo\u017cliwo\u015bci przeprowadzenia rozmowy z osob\u0105 odpowiedzialn\u0105 za przyjmowanie zg\u0142osze\u0144, kt\u00f3ra podejmie stosowne dzia\u0142ania w celu udzielenia ma\u0142oletniemu wsparcia odpowiedniego do zg\u0142oszonego zdarzenia stanowi\u0105cego zagro\u017cenie dla bezpiecze\u0144stwa ma\u0142oletniego.&nbsp;<\/li>\n<\/ol>\n\n\n\n<h3 class=\"wp-block-heading has-text-align-center\"><strong>Rozdzia\u0142 VIII<\/strong><\/h3>\n\n\n\n<h3 class=\"wp-block-heading has-text-align-center\"><strong>Zasady przegl\u0105du i aktualizacji standard\u00f3w<\/strong><\/h3>\n\n\n\n<h3 class=\"wp-block-heading has-text-align-center\"><strong>\u00a7 18.&nbsp;<\/strong><\/h3>\n\n\n\n<ol class=\"wp-block-list\">\n<li>Osoba odpowiedzialna za standardy ochrony ma\u0142oletnich przeprowadza kontrol\u0119 znajomo\u015bci oraz przestrzegania Standard\u00f3w ochrony ma\u0142oletnich przez pracownik\u00f3w O\u015brodka Szkolenia Kierowc\u00f3w, z kt\u00f3rej sporz\u0105dza pisemny raport.<\/li>\n\n\n\n<li>Raport z kontroli zawiera ocen\u0119 znajomo\u015bci i stosowania Standard\u00f3w ochrony ma\u0142oletnich, zgodno\u015b\u0107 Standard\u00f3w ochrony ma\u0142oletnich z obowi\u0105zuj\u0105cymi przepisami, stwierdzone naruszenia Standard\u00f3w ochrony ma\u0142oletnich oraz zg\u0142oszone sugestie zmian Standard\u00f3w ochrony ma\u0142oletnich.<\/li>\n\n\n\n<li>Na podstawie raportu osoba odpowiedzialna za standardy ochrony ma\u0142oletnich ustala konieczno\u015b\u0107 wprowadzenia zmian w Standardach ochrony ma\u0142oletnich oraz przygotowuje ich projekt, kt\u00f3ry wraz z raportem przedk\u0142ada pracodawcy do zatwierdzenia.<\/li>\n\n\n\n<li>Pracodawca podejmuje decyzj\u0119 odno\u015bnie wprowadzenia zmian do Standard\u00f3w ochrony ma\u0142oletnich w terminie 30 dni od daty przekazania mu raportu wraz z projektem zmian. W przypadku zatwierdzenia zmian osoba odpowiedzialna za Standardy ochrony ma\u0142oletnich aktualizuje dokumenty, kt\u00f3re nast\u0119pnie s\u0105 podpisywane przez pracodawc\u0119 i publikowane w miejscu og\u00f3lnodost\u0119pnym w O\u015brodku Szkolenia Kierowc\u00f3w oraz na stronie internetowej O\u015brodka Szkolenia Kierowc\u00f3w.<\/li>\n\n\n\n<li>Kontrola oraz ewentualna aktualizacja Standar\u00f3w ochrony ma\u0142oletnich jest przeprowadzana co najmniej raz na dwa lata.<\/li>\n\n\n\n<li>W przypadku stwierdzenia podczas kontroli, \u017ce znajomo\u015bci Standard\u00f3w ochrony ma\u0142oletnich jest w\u015br\u00f3d pracownik\u00f3w na niezadowalaj\u0105cym poziomie, osoba odpowiedzialna za standardy ochrony ma\u0142oletnich przeprowadza szkolenie uzupe\u0142niaj\u0105ce w tym zakresie.<\/li>\n<\/ol>\n\n\n\n<h3 class=\"wp-block-heading has-text-align-center\"><strong>Rozdzia\u0142 IX<\/strong><\/h3>\n\n\n\n<h3 class=\"wp-block-heading has-text-align-center\"><strong>Przepisy ko\u0144cowe<\/strong><\/h3>\n\n\n\n<h3 class=\"wp-block-heading has-text-align-center\"><strong>\u00a7 19.&nbsp;<\/strong><\/h3>\n\n\n\n<ol class=\"wp-block-list\">\n<li>Standardy ochrony ma\u0142oletnich w O\u015brodku Szkolenia Kierowc\u00f3w wchodz\u0105 w \u017cycie z dniem <strong>01.06.2025<\/strong><\/li>\n\n\n\n<li>Standardy ochrony ma\u0142oletnich w wersji pe\u0142nej oraz skr\u00f3conej s\u0105 dost\u0119pne:\n<ul class=\"wp-block-list\">\n<li>w wersji papierowej w siedzibie O\u015brodka Szkolenia Kierowc\u00f3w;<\/li>\n\n\n\n<li>na stronie internetowej O\u015brodka Szkolenia Kierowc\u00f3w &#8211; <a href=\"https:\/\/skawinanaukajazdy.pl\/standardy-ochrony-maloletnich\/\">https:\/\/skawinanaukajazdy.pl\/standardy-ochrony-maloletnich\/<\/a><\/li>\n<\/ul>\n<\/li>\n\n\n\n<li>Pracodawca przekaza\u0142 pracownikom Standardy ochrony ma\u0142oletnich w wersji pe\u0142nej oraz skr\u00f3conej s\u0142u\u017cbowymi drogami komunikacyjnymi.<\/li>\n\n\n\n<li>Wszyscy pracownicy maj\u0105 obowi\u0105zek przestrzegania Standard\u00f3w ochrony ma\u0142oletnich obowi\u0105zuj\u0105cych w O\u015brodku Szkolenia Kierowc\u00f3w.<\/li>\n<\/ol>\n\n\n\n<p>Za\u0142\u0105cznik nr 1<\/p>\n\n\n\n<p><a href=\"http:\/\/skawinanaukajazdy.pl\/wp-content\/uploads\/2025\/10\/WZOR-KARTY-INTERWENCJI.pdf\">WZ\u00d3R KARTY INTERWENCJI<\/a><\/p>\n\n\n\n<p>Za\u0142\u0105cznik 2<\/p>\n\n\n\n<p><a href=\"http:\/\/skawinanaukajazdy.pl\/wp-content\/uploads\/2025\/10\/WZOR-PLANU-WSPARCIA.pdf\">WZ\u00d3R PLANU WSPARCIA<\/a><\/p>\n\n\n\n<p><strong>Lista os\u00f3b odpowiedzialnych<\/strong><\/p>\n\n\n\n<figure class=\"wp-block-table\"><table><thead><tr><th>L.p.<\/th><th>Obowi\u0105zki<\/th><th class=\"has-text-align-center\" data-align=\"center\"><strong>Imi\u0119 i nazwisko<\/strong><\/th><th class=\"has-text-align-center\" data-align=\"center\"><strong>Dane kontaktowe<\/strong><\/th><\/tr><\/thead><tbody><tr><td>1.<\/td><td>Przygotowanie pracownik\u00f3w do stosowania standard\u00f3w ochrony ma\u0142oletnich i monitorowanie przestrzegania standard\u00f3w ochrony ma\u0142oletnich<\/td><td class=\"has-text-align-center\" data-align=\"center\">ZBIGNIEW KNAPIK<\/td><td class=\"has-text-align-center\" data-align=\"center\">668948383<\/td><\/tr><tr><td>2.<\/td><td>Przyjmowanie zg\u0142osze\u0144<\/td><td class=\"has-text-align-center\" data-align=\"center\">j.w.<\/td><td class=\"has-text-align-center\" data-align=\"center\">j.w.<\/td><\/tr><tr><td>3.<\/td><td>Prowadzenie interwencji&nbsp;<\/td><td class=\"has-text-align-center\" data-align=\"center\">j.w.<\/td><td class=\"has-text-align-center\" data-align=\"center\">j.w.<\/td><\/tr><tr><td>4.<\/td><td>Zapewnienie bezpiecznego korzystania z Internetu&nbsp;<\/td><td class=\"has-text-align-center\" data-align=\"center\">j.w.<\/td><td class=\"has-text-align-center\" data-align=\"center\">j.w.<\/td><\/tr><tr><td>5.<\/td><td>Udzielanie wsparcia ma\u0142oletniemu&nbsp;<\/td><td class=\"has-text-align-center\" data-align=\"center\">j.w.<\/td><td class=\"has-text-align-center\" data-align=\"center\">j.w.<\/td><\/tr><\/tbody><\/table><\/figure>\n\n\n\n<p><\/p>\n","protected":false},"excerpt":{"rendered":"<p>Standardy ochrony ma\u0142oletnich w O\u015aRODEK SZKOLENIA KIEROWC\u00d3W \u201eALA I AS&#8221; ZBIGNIEW KNAPIK Preambu\u0142a W celu realizacji obowi\u0105zku ustanowionego na mocy ustawy o przeciwdzia\u0142aniu zagro\u017ceniom przest\u0119pczo\u015bci\u0105 na tle seksualnym i ochronie ma\u0142oletnich (Dz. U. z 2024 r. poz. 560 ze&nbsp;zm.) O\u015aRODEK SZKOLENIA KIEROWC\u00d3W \u201eALA I AS\u201d ZBIGNIEW KNAPIK wprowadza standardy ochrony [&hellip;]<\/p>\n","protected":false},"author":1,"featured_media":0,"parent":0,"menu_order":0,"comment_status":"closed","ping_status":"closed","template":"","meta":{"_themeisle_gutenberg_block_has_review":false,"two_page_speed":[],"footnotes":""},"class_list":["post-3325","page","type-page","status-publish","hentry"],"yoast_head":"<!-- This site is optimized with the Yoast SEO plugin v27.5 - https:\/\/yoast.com\/product\/yoast-seo-wordpress\/ -->\n<title>STANDARDY OCHRONY MA\u0141OLETNICH - Prawo jazdy Skawina<\/title>\n<meta name=\"robots\" content=\"index, follow, max-snippet:-1, max-image-preview:large, max-video-preview:-1\" \/>\n<link rel=\"canonical\" href=\"https:\/\/skawinanaukajazdy.pl\/pl\/standardy-ochrony-maloletnich\/\" \/>\n<meta property=\"og:locale\" content=\"pl_PL\" \/>\n<meta property=\"og:type\" content=\"article\" \/>\n<meta property=\"og:title\" content=\"STANDARDY OCHRONY MA\u0141OLETNICH - Prawo jazdy Skawina\" \/>\n<meta property=\"og:description\" content=\"Standardy ochrony ma\u0142oletnich w O\u015aRODEK SZKOLENIA KIEROWC\u00d3W \u201eALA I AS&#8221; ZBIGNIEW KNAPIK Preambu\u0142a W celu realizacji obowi\u0105zku ustanowionego na mocy ustawy o przeciwdzia\u0142aniu zagro\u017ceniom przest\u0119pczo\u015bci\u0105 na tle seksualnym i ochronie ma\u0142oletnich (Dz. U. z 2024 r. poz. 560 ze&nbsp;zm.) O\u015aRODEK SZKOLENIA KIEROWC\u00d3W \u201eALA I AS\u201d ZBIGNIEW KNAPIK wprowadza standardy ochrony [&hellip;]\" \/>\n<meta property=\"og:url\" content=\"https:\/\/skawinanaukajazdy.pl\/pl\/standardy-ochrony-maloletnich\/\" \/>\n<meta property=\"og:site_name\" content=\"Prawo jazdy Skawina\" \/>\n<meta property=\"article:publisher\" content=\"http:\/\/facebook.com\/zibiknapik\/\" \/>\n<meta property=\"article:modified_time\" content=\"2025-10-07T10:50:04+00:00\" \/>\n<meta name=\"twitter:label1\" content=\"Szacowany czas czytania\" \/>\n\t<meta name=\"twitter:data1\" content=\"25 minut\" \/>\n<script type=\"application\/ld+json\" class=\"yoast-schema-graph\">{\"@context\":\"https:\\\/\\\/schema.org\",\"@graph\":[{\"@type\":\"WebPage\",\"@id\":\"https:\\\/\\\/skawinanaukajazdy.pl\\\/standardy-ochrony-maloletnich\\\/\",\"url\":\"https:\\\/\\\/skawinanaukajazdy.pl\\\/standardy-ochrony-maloletnich\\\/\",\"name\":\"STANDARDY OCHRONY MA\u0141OLETNICH - Prawo jazdy Skawina\",\"isPartOf\":{\"@id\":\"https:\\\/\\\/skawinanaukajazdy.pl\\\/#website\"},\"datePublished\":\"2025-06-26T15:30:32+00:00\",\"dateModified\":\"2025-10-07T10:50:04+00:00\",\"breadcrumb\":{\"@id\":\"https:\\\/\\\/skawinanaukajazdy.pl\\\/standardy-ochrony-maloletnich\\\/#breadcrumb\"},\"inLanguage\":\"pl-PL\",\"potentialAction\":[{\"@type\":\"ReadAction\",\"target\":[\"https:\\\/\\\/skawinanaukajazdy.pl\\\/standardy-ochrony-maloletnich\\\/\"]}]},{\"@type\":\"BreadcrumbList\",\"@id\":\"https:\\\/\\\/skawinanaukajazdy.pl\\\/standardy-ochrony-maloletnich\\\/#breadcrumb\",\"itemListElement\":[{\"@type\":\"ListItem\",\"position\":1,\"name\":\"strona g\u0142\u00f3wna\",\"item\":\"https:\\\/\\\/skawinanaukajazdy.pl\\\/\"},{\"@type\":\"ListItem\",\"position\":2,\"name\":\"STANDARDY OCHRONY MA\u0141OLETNICH\"}]},{\"@type\":\"WebSite\",\"@id\":\"https:\\\/\\\/skawinanaukajazdy.pl\\\/#website\",\"url\":\"https:\\\/\\\/skawinanaukajazdy.pl\\\/\",\"name\":\"O\u015brodek Szkolenia Kierowc\u00f3w Ala i As\",\"description\":\"OSK Ala i As to jedna z najlepszych szk\u00f3\u0142 nauki jazdy w Skawinie\",\"publisher\":{\"@id\":\"https:\\\/\\\/skawinanaukajazdy.pl\\\/#organization\"},\"potentialAction\":[{\"@type\":\"SearchAction\",\"target\":{\"@type\":\"EntryPoint\",\"urlTemplate\":\"https:\\\/\\\/skawinanaukajazdy.pl\\\/?s={search_term_string}\"},\"query-input\":{\"@type\":\"PropertyValueSpecification\",\"valueRequired\":true,\"valueName\":\"search_term_string\"}}],\"inLanguage\":\"pl-PL\"},{\"@type\":\"Organization\",\"@id\":\"https:\\\/\\\/skawinanaukajazdy.pl\\\/#organization\",\"name\":\"OSK Ala i As Zbigniew Knapik\",\"url\":\"https:\\\/\\\/skawinanaukajazdy.pl\\\/\",\"logo\":{\"@type\":\"ImageObject\",\"inLanguage\":\"pl-PL\",\"@id\":\"https:\\\/\\\/skawinanaukajazdy.pl\\\/#\\\/schema\\\/logo\\\/image\\\/\",\"url\":\"https:\\/\\/skawinanaukajazdy.pl\\/wp-content\\/uploads\\/2021\\/04\\/Ala-i-As-Logo-Nowe_3.png\",\"contentUrl\":\"https:\\/\\/skawinanaukajazdy.pl\\/wp-content\\/uploads\\/2021\\/04\\/Ala-i-As-Logo-Nowe_3.png\",\"width\":1078,\"height\":298,\"caption\":\"OSK Ala i As Zbigniew Knapik\"},\"image\":{\"@id\":\"https:\\\/\\\/skawinanaukajazdy.pl\\\/#\\\/schema\\\/logo\\\/image\\\/\"},\"sameAs\":[\"http:\\\/\\\/facebook.com\\\/zibiknapik\\\/\",\"http:\\\/\\\/instagram.com\\\/osk_alaias\\\/\",\"https:\\\/\\\/www.youtube.com\\\/channel\\\/UC42znC6Fn_295PBwQPnHctg\"]}]}<\/script>\n<!-- \/ Yoast SEO plugin. -->","yoast_head_json":{"title":"STANDARDY OCHRONY MA\u0141OLETNICH - Prawo jazdy Skawina","robots":{"index":"index","follow":"follow","max-snippet":"max-snippet:-1","max-image-preview":"max-image-preview:large","max-video-preview":"max-video-preview:-1"},"canonical":"https:\/\/skawinanaukajazdy.pl\/pl\/standardy-ochrony-maloletnich\/","og_locale":"pl_PL","og_type":"article","og_title":"STANDARDY OCHRONY MA\u0141OLETNICH - Prawo jazdy Skawina","og_description":"Standardy ochrony ma\u0142oletnich w O\u015aRODEK SZKOLENIA KIEROWC\u00d3W \u201eALA I AS&#8221; ZBIGNIEW KNAPIK Preambu\u0142a W celu realizacji obowi\u0105zku ustanowionego na mocy ustawy o przeciwdzia\u0142aniu zagro\u017ceniom przest\u0119pczo\u015bci\u0105 na tle seksualnym i ochronie ma\u0142oletnich (Dz. U. z 2024 r. poz. 560 ze&nbsp;zm.) O\u015aRODEK SZKOLENIA KIEROWC\u00d3W \u201eALA I AS\u201d ZBIGNIEW KNAPIK wprowadza standardy ochrony [&hellip;]","og_url":"https:\/\/skawinanaukajazdy.pl\/pl\/standardy-ochrony-maloletnich\/","og_site_name":"Prawo jazdy Skawina","article_publisher":"http:\/\/facebook.com\/zibiknapik\/","article_modified_time":"2025-10-07T10:50:04+00:00","twitter_misc":{"Szacowany czas czytania":"25 minut"},"schema":{"@context":"https:\/\/schema.org","@graph":[{"@type":"WebPage","@id":"https:\/\/skawinanaukajazdy.pl\/standardy-ochrony-maloletnich\/","url":"https:\/\/skawinanaukajazdy.pl\/standardy-ochrony-maloletnich\/","name":"STANDARDY OCHRONY MA\u0141OLETNICH - Prawo jazdy Skawina","isPartOf":{"@id":"https:\/\/skawinanaukajazdy.pl\/#website"},"datePublished":"2025-06-26T15:30:32+00:00","dateModified":"2025-10-07T10:50:04+00:00","breadcrumb":{"@id":"https:\/\/skawinanaukajazdy.pl\/standardy-ochrony-maloletnich\/#breadcrumb"},"inLanguage":"pl-PL","potentialAction":[{"@type":"ReadAction","target":["https:\/\/skawinanaukajazdy.pl\/standardy-ochrony-maloletnich\/"]}]},{"@type":"BreadcrumbList","@id":"https:\/\/skawinanaukajazdy.pl\/standardy-ochrony-maloletnich\/#breadcrumb","itemListElement":[{"@type":"ListItem","position":1,"name":"strona g\u0142\u00f3wna","item":"https:\/\/skawinanaukajazdy.pl\/"},{"@type":"ListItem","position":2,"name":"STANDARDY OCHRONY MA\u0141OLETNICH"}]},{"@type":"WebSite","@id":"https:\/\/skawinanaukajazdy.pl\/#website","url":"https:\/\/skawinanaukajazdy.pl\/","name":"O\u015brodek Szkolenia Kierowc\u00f3w Ala i As","description":"OSK Ala i As to jedna z najlepszych szk\u00f3\u0142 nauki jazdy w Skawinie","publisher":{"@id":"https:\/\/skawinanaukajazdy.pl\/#organization"},"potentialAction":[{"@type":"SearchAction","target":{"@type":"EntryPoint","urlTemplate":"https:\/\/skawinanaukajazdy.pl\/?s={search_term_string}"},"query-input":{"@type":"PropertyValueSpecification","valueRequired":true,"valueName":"search_term_string"}}],"inLanguage":"pl-PL"},{"@type":"Organization","@id":"https:\/\/skawinanaukajazdy.pl\/#organization","name":"OSK Ala i As Zbigniew Knapik","url":"https:\/\/skawinanaukajazdy.pl\/","logo":{"@type":"ImageObject","inLanguage":"pl-PL","@id":"https:\/\/skawinanaukajazdy.pl\/#\/schema\/logo\/image\/","url":"https:\/\/ml4evcqfigri.i.optimole.com\/w:auto\/h:auto\/q:mauto\/g:sm\/f:best\/https:\/\/skawinanaukajazdy.pl\/wp-content\/uploads\/2021\/04\/Ala-i-As-Logo-Nowe_3.png","contentUrl":"https:\/\/ml4evcqfigri.i.optimole.com\/w:auto\/h:auto\/q:mauto\/g:sm\/f:best\/https:\/\/skawinanaukajazdy.pl\/wp-content\/uploads\/2021\/04\/Ala-i-As-Logo-Nowe_3.png","width":1078,"height":298,"caption":"OSK Ala i As Zbigniew Knapik"},"image":{"@id":"https:\/\/skawinanaukajazdy.pl\/#\/schema\/logo\/image\/"},"sameAs":["http:\/\/facebook.com\/zibiknapik\/","http:\/\/instagram.com\/osk_alaias\/","https:\/\/www.youtube.com\/channel\/UC42znC6Fn_295PBwQPnHctg"]}]}},"jetpack_shortlink":"https:\/\/wp.me\/P9aRuO-RD","jetpack_sharing_enabled":true,"jetpack-related-posts":[{"id":374,"url":"https:\/\/skawinanaukajazdy.pl\/pl\/moja-zdawalnosc\/","url_meta":{"origin":3325,"position":0},"title":"Moja zdawalno\u015b\u0107","author":"admin","date":"5 kwietnia 2017","format":false,"excerpt":"Zdawalno\u015b\u0107 praktyki za pierwszym razem - 57,60% Od 2010 roku prowadz\u0119 O\u015brodek Szkolenia Kierowc\u00f3w Ala i As. Zdawalno\u015b\u0107 praktyki za pierwszym razem w\u015br\u00f3d kursant\u00f3w wynios\u0142a 57,60%na podstawie oficjalnej ANALIZY STATYSTYCZNEJ w zakresie \u015bredniej zdawalno\u015bci os\u00f3b szkolonych w O\u015brodkach Szkolenia Kierowc\u00f3w dzia\u0142aj\u0105cych na terenie powiatu krakowskiego za 2013, 2014, 2015, 2017,\u2026","rel":"","context":"Podobny wpis","block_context":{"text":"Podobny wpis","link":""},"img":{"alt_text":"Nauka Jazdy Skawina zdawalno\u015b\u0107 OSK Ala i As","src":"https:\/\/ml4evcqfigri.i.optimole.com\/w:150\/h:58\/q:mauto\/g:sm\/f:best\/https:\/\/i0.wp.com\/skawinanaukajazdy.pl\/wp-content\/uploads\/2017\/04\/Zdawalnosc_200x58.jpg?resize=350%2C200","width":350,"height":200},"classes":[]},{"id":19,"url":"https:\/\/skawinanaukajazdy.pl\/pl\/doswiadczenie-i-profesjonalizm\/","url_meta":{"origin":3325,"position":1},"title":"Do\u015bwiadczenie i profesjonalizm","author":"admin","date":"21 listopada 2024","format":false,"excerpt":"Do\u015bwiadczenie i profesjonalizm Do\u015bwiadczenie i profesjonalizm to cechy, kt\u00f3re charakteryzuj\u0105 prowadzony przeze mnie o\u015brodek. Uwa\u017cam, \u017ce aby uczy\u0107 innych, nie wystarczy tylko by\u0107 instruktorem, nauczycielem, czy wyk\u0142adowc\u0105. Trzeba posiada\u0107 wiedz\u0119 i umiej\u0119tno\u015bci. Instruktor nauki jazdy musi by\u0107 praktykiem, aby nauczy\u0107 przysz\u0142ego kierowc\u0119 je\u017adzi\u0107 samochodem a nie tylko zda\u0107 egzamin. Jako\u2026","rel":"","context":"W \u201eOferta&quot;","block_context":{"text":"Oferta","link":"https:\/\/skawinanaukajazdy.pl\/pl\/oferta\/"},"img":{"alt_text":"Zbyszek Knapik Instruktor i wyk\u0142adowca OSK Ala i As","src":"https:\/\/ml4evcqfigri.i.optimole.com\/w:150\/h:150\/q:mauto\/rt:fill\/g:sm\/f:best\/https:\/\/i0.wp.com\/skawinanaukajazdy.pl\/wp-content\/uploads\/2017\/03\/awatar.jpg?resize=350%2C200","width":350,"height":200},"classes":[]},{"id":22,"url":"https:\/\/skawinanaukajazdy.pl\/pl\/kontakt\/","url_meta":{"origin":3325,"position":2},"title":"Kontakt &#8211; informacje kontaktowe","author":"admin","date":"15 marca 2017","format":false,"excerpt":"KONTAKT OSK Ala i As Zbigniew Knapik biuro: czynne w ka\u017cd\u0105 \u015brod\u0119 od 16.00 do 18.00 32-050 Skawinaul. Torowa 8 tel: +48 668 94 83 83 osk.biuro@gmail.com Formularz kontaktowy","rel":"","context":"Podobny wpis","block_context":{"text":"Podobny wpis","link":""},"img":{"alt_text":"Kontakt do OSK Ala i As","src":"https:\/\/ml4evcqfigri.i.optimole.com\/w:auto\/h:auto\/q:mauto\/g:sm\/f:best\/https:\/\/i0.wp.com\/skawinanaukajazdy.pl\/wp-content\/uploads\/2017\/04\/Kontakt.jpg?resize=350%2C200","width":350,"height":200},"classes":[]},{"id":277,"url":"https:\/\/skawinanaukajazdy.pl\/pl\/zapisz-sie-na-kurs\/","url_meta":{"origin":3325,"position":3},"title":"Zapisz si\u0119 na kurs prawa jazdy","author":"admin","date":"27 marca 2017","format":false,"excerpt":"Zapisz si\u0119 na kurs prawa jazdy wype\u0142nij formularz kontaktowy i wy\u015blij a my oddzwonimy. Wype\u0142nienie i wys\u0142anie formularza oznacza, \u017ce podane w nim dane osobowe b\u0119d\u0105 przetwarzane w celu nawi\u0105zania kontaktu i przedstawienia oferty przez OSK ALA i AS Zbigniew Knapik. Zasady przetwarzania i informacje o administratorze znajdziesz tutaj.","rel":"","context":"Podobny wpis","block_context":{"text":"Podobny wpis","link":""},"img":{"alt_text":"Zapisz si\u0119 na kurs nauki jazdy","src":"https:\/\/ml4evcqfigri.i.optimole.com\/w:auto\/h:auto\/q:mauto\/g:sm\/f:best\/https:\/\/i0.wp.com\/skawinanaukajazdy.pl\/wp-content\/uploads\/2017\/04\/Zapisz-si%C4%99.jpg?resize=350%2C200","width":350,"height":200},"classes":[]},{"id":775,"url":"https:\/\/skawinanaukajazdy.pl\/pl\/osk-ala-i-as\/","url_meta":{"origin":3325,"position":4},"title":"Dlaczego Ala i As","author":"admin","date":"15 czerwca 2024","format":false,"excerpt":"OSK Ala i As - Skawina OSK Ala i As - szko\u0142a nauki jazdy istnieje od 2010 roku w Skawinie. Organizujemy kursy nauki jazdy kategorii B. Szkolenie prowadzone jest na samochodzie Hyundai i20, takim samym jaki jest u\u017cywany na egzaminach w O\u015brodku egzaminacyjnym w Krakowie. Gdy zastanawiacie si\u0119 nad wyborem\u2026","rel":"","context":"W \u201eOferta&quot;","block_context":{"text":"Oferta","link":"https:\/\/skawinanaukajazdy.pl\/pl\/oferta\/"},"img":{"alt_text":"OSK Ala i As - szko\u0142a nauki jazdy w Skawinie","src":"https:\/\/ml4evcqfigri.i.optimole.com\/w:150\/h:150\/q:mauto\/rt:fill\/g:sm\/f:best\/https:\/\/i0.wp.com\/skawinanaukajazdy.pl\/wp-content\/uploads\/2017\/03\/Znaki.png?resize=350%2C200","width":350,"height":200},"classes":[]},{"id":3274,"url":"https:\/\/skawinanaukajazdy.pl\/pl\/e-learning\/","url_meta":{"origin":3325,"position":5},"title":"e-learning czyli teoria w domu","author":"admin","date":"16 pa\u017adziernika 2024","format":false,"excerpt":"Kurs na prawo jazdy przez e-learning 3700 z\u0142 30 + 3 godziny zegarowych jazd egzamin wewn\u0119trzny praktyczny \u2013 gratis pe\u0142en dost\u0119p do platformy edukacyjnej \u2013 gratis wpisowe 200 z\u0142otych (przed rozpocz\u0119ciem nauki) pozosta\u0142a kwota \u2013 raty 0% \u2013 do momentu uko\u0144czenia kursu Zapraszam do skorzystania z u\u0142atwienia jakim jest nauka\u2026","rel":"","context":"Podobny wpis","block_context":{"text":"Podobny wpis","link":""},"img":{"alt_text":"OSK Ala i As e-learning","src":"https:\/\/ml4evcqfigri.i.optimole.com\/w:auto\/h:auto\/q:mauto\/g:sm\/f:best\/https:\/\/i0.wp.com\/skawinanaukajazdy.pl\/wp-content\/uploads\/2021\/03\/e-learning-2-rodzaje-teorii-edited.jpg?resize=350%2C200","width":350,"height":200},"classes":[]}],"_links":{"self":[{"href":"https:\/\/skawinanaukajazdy.pl\/pl\/wp-json\/wp\/v2\/pages\/3325","targetHints":{"allow":["GET"]}}],"collection":[{"href":"https:\/\/skawinanaukajazdy.pl\/pl\/wp-json\/wp\/v2\/pages"}],"about":[{"href":"https:\/\/skawinanaukajazdy.pl\/pl\/wp-json\/wp\/v2\/types\/page"}],"author":[{"embeddable":true,"href":"https:\/\/skawinanaukajazdy.pl\/pl\/wp-json\/wp\/v2\/users\/1"}],"replies":[{"embeddable":true,"href":"https:\/\/skawinanaukajazdy.pl\/pl\/wp-json\/wp\/v2\/comments?post=3325"}],"version-history":[{"count":8,"href":"https:\/\/skawinanaukajazdy.pl\/pl\/wp-json\/wp\/v2\/pages\/3325\/revisions"}],"predecessor-version":[{"id":3363,"href":"https:\/\/skawinanaukajazdy.pl\/pl\/wp-json\/wp\/v2\/pages\/3325\/revisions\/3363"}],"wp:attachment":[{"href":"https:\/\/skawinanaukajazdy.pl\/pl\/wp-json\/wp\/v2\/media?parent=3325"}],"curies":[{"name":"wp","href":"https:\/\/api.w.org\/{rel}","templated":true}]}}